{"id":2094,"date":"2021-08-18T14:55:50","date_gmt":"2021-08-18T14:55:50","guid":{"rendered":"http:\/\/capitalhistory.ca\/?page_id=2094\/"},"modified":"2021-08-18T14:57:05","modified_gmt":"2021-08-18T14:57:05","slug":"archive-personnes","status":"publish","type":"page","link":"https:\/\/capitalhistory.ca\/fr\/archive-personnes\/","title":{"rendered":"Archive: Personnes"},"content":{"rendered":"\t\t<div data-elementor-type=\"wp-page\" data-elementor-id=\"2094\" class=\"elementor elementor-2094\" data-elementor-settings=\"[]\">\n\t\t\t\t\t\t\t<div class=\"elementor-section-wrap\">\n\t\t\t\t\t\t\t<section class=\"elementor-section elementor-top-section elementor-element elementor-element-6e1dfd1d elementor-section-boxed elementor-section-height-default elementor-section-height-default\" data-id=\"6e1dfd1d\" data-element_type=\"section\">\n\t\t\t\t\t\t<div class=\"elementor-container elementor-column-gap-default\">\n\t\t\t\t\t<div class=\"elementor-column elementor-col-100 elementor-top-column elementor-element elementor-element-1cb777\" data-id=\"1cb777\" data-element_type=\"column\">\n\t\t\t<div class=\"elementor-widget-wrap elementor-element-populated\">\n\t\t\t\t\t\t\t\t<div class=\"elementor-element elementor-element-780f9177 elementor-widget elementor-widget-heading\" data-id=\"780f9177\" data-element_type=\"widget\" data-widget_type=\"heading.default\">\n\t\t\t\t<div class=\"elementor-widget-container\">\n\t\t\t<h2 class=\"elementor-heading-title elementor-size-default\">Archives: Personnes<\/h2>\t\t<\/div>\n\t\t\t\t<\/div>\n\t\t\t\t\t<\/div>\n\t\t<\/div>\n\t\t\t\t\t\t\t<\/div>\n\t\t<\/section>\n\t\t\t\t<section class=\"elementor-section elementor-top-section elementor-element elementor-element-4c5f98aa elementor-section-boxed elementor-section-height-default elementor-section-height-default\" data-id=\"4c5f98aa\" data-element_type=\"section\">\n\t\t\t\t\t\t<div class=\"elementor-container elementor-column-gap-default\">\n\t\t\t\t\t<div class=\"elementor-column elementor-col-100 elementor-top-column elementor-element elementor-element-275b91c1\" data-id=\"275b91c1\" data-element_type=\"column\">\n\t\t\t<div class=\"elementor-widget-wrap elementor-element-populated\">\n\t\t\t\t\t\t\t\t<div class=\"elementor-element elementor-element-5d684a4b elementor-grid-2 elementor-grid-tablet-2 elementor-grid-mobile-1 elementor-posts--thumbnail-top elementor-posts--show-avatar elementor-card-shadow-yes elementor-posts__hover-gradient elementor-widget elementor-widget-posts\" data-id=\"5d684a4b\" data-element_type=\"widget\" data-settings=\"{&quot;pagination_type&quot;:&quot;numbers&quot;,&quot;cards_columns&quot;:&quot;2&quot;,&quot;cards_columns_tablet&quot;:&quot;2&quot;,&quot;cards_columns_mobile&quot;:&quot;1&quot;,&quot;cards_row_gap&quot;:{&quot;unit&quot;:&quot;px&quot;,&quot;size&quot;:35,&quot;sizes&quot;:[]}}\" data-widget_type=\"posts.cards\">\n\t\t\t\t<div class=\"elementor-widget-container\">\n\t\t\t\t\t<div class=\"elementor-posts-container elementor-posts elementor-posts--skin-cards elementor-grid\">\n\t\t\t\t<article class=\"elementor-post elementor-grid-item post-719 post type-post status-publish format-standard hentry category-personnes\">\n\t\t\t<div class=\"elementor-post__card\">\n\t\t\t\t<div class=\"elementor-post__text\">\n\t\t\t\t<h3 class=\"elementor-post__title\">\n\t\t\t<a href=\"https:\/\/capitalhistory.ca\/fr\/personnes\/filip-konowal\/\" >\n\t\t\t\tFILIP KONOWAL\t\t\t<\/a>\n\t\t<\/h3>\n\t\t\t\t<div class=\"elementor-post__excerpt\">\n\t\t\t<p>Corporal Filip Konowal, V.C. Credit: Vladimir J. Kaye \/ Biblioth\u00e8que et Archives Canada \/ C-010023 En regardant cette peinture dramatique de l\u2019artiste Ross Rheaume, nous<\/p>\n\t\t<\/div>\n\t\t\t\t\t<a class=\"elementor-post__read-more\" href=\"https:\/\/capitalhistory.ca\/fr\/personnes\/filip-konowal\/\" >\n\t\t\t\tRead More \u00bb\t\t\t<\/a>\n\t\t\t\t<\/div>\n\t\t\t\t<div class=\"elementor-post__meta-data\">\n\t\t\t\t\t<span class=\"elementor-post-date\">\n\t\t\tDecember 6, 2018\t\t<\/span>\n\t\t\t\t<span class=\"elementor-post-avatar\">\n\t\t\tNo Comments\t\t<\/span>\n\t\t\t\t<\/div>\n\t\t\t\t\t<\/div>\n\t\t<\/article>\n\t\t\t\t<article class=\"elementor-post elementor-grid-item post-982 post type-post status-publish format-standard hentry category-personnes\">\n\t\t\t<div class=\"elementor-post__card\">\n\t\t\t\t<div class=\"elementor-post__text\">\n\t\t\t\t<h3 class=\"elementor-post__title\">\n\t\t\t<a href=\"https:\/\/capitalhistory.ca\/fr\/personnes\/malak-karsh\/\" >\n\t\t\t\tMALAK KARSH\t\t\t<\/a>\n\t\t<\/h3>\n\t\t\t\t<div class=\"elementor-post__excerpt\">\n\t\t\t<p>Malak Karsh, n\u00e9 en Turquie en 1915, a suivi son fr\u00e8re photographe Yousuf au Canada dans les ann\u00e9es\u00a01930. Malak avait une profonde admiration pour les<\/p>\n\t\t<\/div>\n\t\t\t\t\t<a class=\"elementor-post__read-more\" href=\"https:\/\/capitalhistory.ca\/fr\/personnes\/malak-karsh\/\" >\n\t\t\t\tRead More \u00bb\t\t\t<\/a>\n\t\t\t\t<\/div>\n\t\t\t\t<div class=\"elementor-post__meta-data\">\n\t\t\t\t\t<span class=\"elementor-post-date\">\n\t\t\tJanuary 10, 2020\t\t<\/span>\n\t\t\t\t<span class=\"elementor-post-avatar\">\n\t\t\tNo Comments\t\t<\/span>\n\t\t\t\t<\/div>\n\t\t\t\t\t<\/div>\n\t\t<\/article>\n\t\t\t\t<article class=\"elementor-post elementor-grid-item post-975 post type-post status-publish format-standard hentry category-personnes\">\n\t\t\t<div class=\"elementor-post__card\">\n\t\t\t\t<div class=\"elementor-post__text\">\n\t\t\t\t<h3 class=\"elementor-post__title\">\n\t\t\t<a href=\"https:\/\/capitalhistory.ca\/fr\/personnes\/fouille-archeologique-colonel-by\/\" >\n\t\t\t\tFOUILLE ARCH\u00c9OLOGIQUE \u2013 COLONEL BY\t\t\t<\/a>\n\t\t<\/h3>\n\t\t\t\t<div class=\"elementor-post__excerpt\">\n\t\t\t<p>&nbsp; &nbsp; &nbsp; En reconnaissance de la contribution du lieutenant-colonel John By \u00e0 la ville, des arch\u00e9ologues de Parcs Canada et de la Commission de<\/p>\n\t\t<\/div>\n\t\t\t\t\t<a class=\"elementor-post__read-more\" href=\"https:\/\/capitalhistory.ca\/fr\/personnes\/fouille-archeologique-colonel-by\/\" >\n\t\t\t\tRead More \u00bb\t\t\t<\/a>\n\t\t\t\t<\/div>\n\t\t\t\t<div class=\"elementor-post__meta-data\">\n\t\t\t\t\t<span class=\"elementor-post-date\">\n\t\t\tJanuary 10, 2020\t\t<\/span>\n\t\t\t\t<span class=\"elementor-post-avatar\">\n\t\t\tNo Comments\t\t<\/span>\n\t\t\t\t<\/div>\n\t\t\t\t\t<\/div>\n\t\t<\/article>\n\t\t\t\t<article class=\"elementor-post elementor-grid-item post-706 post type-post status-publish format-standard hentry category-le-genre-et-la-sexualite category-personnes\">\n\t\t\t<div class=\"elementor-post__card\">\n\t\t\t\t<div class=\"elementor-post__text\">\n\t\t\t\t<h3 class=\"elementor-post__title\">\n\t\t\t<a href=\"https:\/\/capitalhistory.ca\/fr\/le-genre-et-la-sexualite\/elisabeth-bruyere-et-lepidemie-de-typhus-de-1847\/\" >\n\t\t\t\t\u00c9LISABETH BRUY\u00c8RE ET L\u2019\u00c9PID\u00c9MIE DE TYPHUS DE 1847\t\t\t<\/a>\n\t\t<\/h3>\n\t\t\t\t<div class=\"elementor-post__excerpt\">\n\t\t\t<p>En 1845, \u00c9lisabeth Bruy\u00e8re de la Congr\u00e9gation des s\u0153urs grises de Montr\u00e9al a fond\u00e9 les S\u0153urs de la Charit\u00e9 dans la Basse-ville d\u2019Ottawa. Les b\u00e2timents<\/p>\n\t\t<\/div>\n\t\t\t\t\t<a class=\"elementor-post__read-more\" href=\"https:\/\/capitalhistory.ca\/fr\/le-genre-et-la-sexualite\/elisabeth-bruyere-et-lepidemie-de-typhus-de-1847\/\" >\n\t\t\t\tRead More \u00bb\t\t\t<\/a>\n\t\t\t\t<\/div>\n\t\t\t\t<div class=\"elementor-post__meta-data\">\n\t\t\t\t\t<span class=\"elementor-post-date\">\n\t\t\tDecember 5, 2018\t\t<\/span>\n\t\t\t\t<span class=\"elementor-post-avatar\">\n\t\t\tNo Comments\t\t<\/span>\n\t\t\t\t<\/div>\n\t\t\t\t\t<\/div>\n\t\t<\/article>\n\t\t\t\t<article class=\"elementor-post elementor-grid-item post-976 post type-post status-publish format-standard hentry category-personnes\">\n\t\t\t<div class=\"elementor-post__card\">\n\t\t\t\t<div class=\"elementor-post__text\">\n\t\t\t\t<h3 class=\"elementor-post__title\">\n\t\t\t<a href=\"https:\/\/capitalhistory.ca\/fr\/personnes\/louis-riel\/\" >\n\t\t\t\tDR. VALADE\t\t\t<\/a>\n\t\t<\/h3>\n\t\t\t\t<div class=\"elementor-post__excerpt\">\n\t\t\t<p>&nbsp; &nbsp; Le chef m\u00e9tis Louis\u00a0Riel fut jug\u00e9 pour haute trahison en juillet\u00a01885 pour sa participation \u00e0 la r\u00e9sistance du Nord-Ouest. Lors de son proc\u00e8s,<\/p>\n\t\t<\/div>\n\t\t\t\t\t<a class=\"elementor-post__read-more\" href=\"https:\/\/capitalhistory.ca\/fr\/personnes\/louis-riel\/\" >\n\t\t\t\tRead More \u00bb\t\t\t<\/a>\n\t\t\t\t<\/div>\n\t\t\t\t<div class=\"elementor-post__meta-data\">\n\t\t\t\t\t<span class=\"elementor-post-date\">\n\t\t\tJanuary 10, 2020\t\t<\/span>\n\t\t\t\t<span class=\"elementor-post-avatar\">\n\t\t\tNo Comments\t\t<\/span>\n\t\t\t\t<\/div>\n\t\t\t\t\t<\/div>\n\t\t<\/article>\n\t\t\t\t<article class=\"elementor-post elementor-grid-item post-971 post type-post status-publish format-standard hentry category-personnes\">\n\t\t\t<div class=\"elementor-post__card\">\n\t\t\t\t<div class=\"elementor-post__text\">\n\t\t\t\t<h3 class=\"elementor-post__title\">\n\t\t\t<a href=\"https:\/\/capitalhistory.ca\/fr\/personnes\/henry-j-friel\/\" >\n\t\t\t\tHENRY J. FRIEL\t\t\t<\/a>\n\t\t<\/h3>\n\t\t\t\t<div class=\"elementor-post__excerpt\">\n\t\t\t<p>Lieu de l&#8217;article \u00a0 Dates importantes Fichier audio Qui habitait ici ? \u00a0&nbsp; &nbsp; Henry James Friel, un Irlandais catholique de Montr\u00e9al, s\u2019\u00e9tablit \u00e0 Bytown<\/p>\n\t\t<\/div>\n\t\t\t\t\t<a class=\"elementor-post__read-more\" href=\"https:\/\/capitalhistory.ca\/fr\/personnes\/henry-j-friel\/\" >\n\t\t\t\tRead More \u00bb\t\t\t<\/a>\n\t\t\t\t<\/div>\n\t\t\t\t<div class=\"elementor-post__meta-data\">\n\t\t\t\t\t<span class=\"elementor-post-date\">\n\t\t\tJanuary 10, 2020\t\t<\/span>\n\t\t\t\t<span class=\"elementor-post-avatar\">\n\t\t\tNo Comments\t\t<\/span>\n\t\t\t\t<\/div>\n\t\t\t\t\t<\/div>\n\t\t<\/article>\n\t\t\t\t<\/div>\n\n\n\t\t\n\t\t\t\t<div class=\"e-load-more-anchor\" data-page=\"1\" data-max-page=\"2\"><\/div>\n\t\t\t\t<nav class=\"elementor-pagination\" role=\"navigation\" aria-label=\"Pagination\">\n\t\t\t<span aria-current=\"page\" class=\"page-numbers current\"><span class=\"elementor-screen-only\">Page<\/span>1<\/span>\n<a class=\"page-numbers\" href=\"https:\/\/capitalhistory.ca\/fr\/wp-json\/wp\/v2\/pages\/2094\/page\/2\/\"><span class=\"elementor-screen-only\">Page<\/span>2<\/a>\t\t<\/nav>\n\t\t\t\t<\/div>\n\t\t\t\t<\/div>\n\t\t\t\t\t<\/div>\n\t\t<\/div>\n\t\t\t\t\t\t\t<\/div>\n\t\t<\/section>\n\t\t\t\t\t\t<\/div>\n\t\t\t\t\t<\/div>\n\t\t","protected":false},"excerpt":{"rendered":"<p>Archives: Personnes<\/p>\n","protected":false},"author":1,"featured_media":0,"parent":0,"menu_order":0,"comment_status":"closed","ping_status":"closed","template":"","meta":{"_mi_skip_tracking":false,"site-sidebar-layout":"no-sidebar","site-content-layout":"page-builder","ast-main-header-display":"","ast-hfb-above-header-display":"","ast-hfb-below-header-display":"","ast-hfb-mobile-header-display":"","site-post-title":"disabled","ast-breadcrumbs-content":"","ast-featured-img":"disabled","footer-sml-layout":"","theme-transparent-header-meta":"default","adv-header-id-meta":"","stick-header-meta":"","header-above-stick-meta":"","header-main-stick-meta":"","header-below-stick-meta":""},"yoast_head":"<!-- This site is optimized with the Yoast SEO plugin v19.9 - https:\/\/yoast.com\/wordpress\/plugins\/seo\/ -->\n<title>Archive: Personnes - Capital History<\/title>\n<meta name=\"robots\" content=\"index, follow, max-snippet:-1, max-image-preview:large, max-video-preview:-1\" \/>\n<link rel=\"canonical\" href=\"https:\/\/capitalhistory.ca\/fr\/archive-personnes\/\" \/>\n<meta property=\"og:locale\" content=\"fr_FR\" \/>\n<meta property=\"og:type\" content=\"article\" \/>\n<meta property=\"og:title\" content=\"Archive: Personnes - Capital History\" \/>\n<meta property=\"og:description\" content=\"Archives: Personnes\" \/>\n<meta property=\"og:url\" content=\"https:\/\/capitalhistory.ca\/fr\/archive-personnes\/\" \/>\n<meta property=\"og:site_name\" content=\"Capital History\" \/>\n<meta property=\"article:modified_time\" content=\"2021-08-18T14:57:05+00:00\" \/>\n<meta name=\"twitter:card\" content=\"summary_large_image\" \/>\n<script type=\"application\/ld+json\" class=\"yoast-schema-graph\">{\"@context\":\"https:\/\/schema.org\",\"@graph\":[{\"@type\":\"WebPage\",\"@id\":\"https:\/\/capitalhistory.ca\/fr\/archive-personnes\/\",\"url\":\"https:\/\/capitalhistory.ca\/fr\/archive-personnes\/\",\"name\":\"Archive: Personnes - Capital History\",\"isPartOf\":{\"@id\":\"https:\/\/capitalhistory.ca\/#website\"},\"datePublished\":\"2021-08-18T14:55:50+00:00\",\"dateModified\":\"2021-08-18T14:57:05+00:00\",\"breadcrumb\":{\"@id\":\"https:\/\/capitalhistory.ca\/fr\/archive-personnes\/#breadcrumb\"},\"inLanguage\":\"fr-FR\",\"potentialAction\":[{\"@type\":\"ReadAction\",\"target\":[\"https:\/\/capitalhistory.ca\/fr\/archive-personnes\/\"]}]},{\"@type\":\"BreadcrumbList\",\"@id\":\"https:\/\/capitalhistory.ca\/fr\/archive-personnes\/#breadcrumb\",\"itemListElement\":[{\"@type\":\"ListItem\",\"position\":1,\"name\":\"Home\",\"item\":\"https:\/\/capitalhistory.ca\/fr\/\"},{\"@type\":\"ListItem\",\"position\":2,\"name\":\"Archive: Personnes\"}]},{\"@type\":\"WebSite\",\"@id\":\"https:\/\/capitalhistory.ca\/#website\",\"url\":\"https:\/\/capitalhistory.ca\/\",\"name\":\"Capital History\",\"description\":\"Stories Through Time\",\"publisher\":{\"@id\":\"https:\/\/capitalhistory.ca\/#organization\"},\"potentialAction\":[{\"@type\":\"SearchAction\",\"target\":{\"@type\":\"EntryPoint\",\"urlTemplate\":\"https:\/\/capitalhistory.ca\/?s={search_term_string}\"},\"query-input\":\"required name=search_term_string\"}],\"inLanguage\":\"fr-FR\"},{\"@type\":\"Organization\",\"@id\":\"https:\/\/capitalhistory.ca\/#organization\",\"name\":\"Capital History\",\"url\":\"https:\/\/capitalhistory.ca\/\",\"logo\":{\"@type\":\"ImageObject\",\"inLanguage\":\"fr-FR\",\"@id\":\"https:\/\/capitalhistory.ca\/#\/schema\/logo\/image\/\",\"url\":\"https:\/\/capitalhistory.ca\/wp-content\/uploads\/2017\/05\/CapitalHistoryLogo.png\",\"contentUrl\":\"https:\/\/capitalhistory.ca\/wp-content\/uploads\/2017\/05\/CapitalHistoryLogo.png\",\"width\":778,\"height\":323,\"caption\":\"Capital History\"},\"image\":{\"@id\":\"https:\/\/capitalhistory.ca\/#\/schema\/logo\/image\/\"}}]}<\/script>\n<!-- \/ Yoast SEO plugin. -->","yoast_head_json":{"title":"Archive: Personnes - Capital History","robots":{"index":"index","follow":"follow","max-snippet":"max-snippet:-1","max-image-preview":"max-image-preview:large","max-video-preview":"max-video-preview:-1"},"canonical":"https:\/\/capitalhistory.ca\/fr\/archive-personnes\/","og_locale":"fr_FR","og_type":"article","og_title":"Archive: Personnes - Capital History","og_description":"Archives: Personnes","og_url":"https:\/\/capitalhistory.ca\/fr\/archive-personnes\/","og_site_name":"Capital History","article_modified_time":"2021-08-18T14:57:05+00:00","twitter_card":"summary_large_image","schema":{"@context":"https:\/\/schema.org","@graph":[{"@type":"WebPage","@id":"https:\/\/capitalhistory.ca\/fr\/archive-personnes\/","url":"https:\/\/capitalhistory.ca\/fr\/archive-personnes\/","name":"Archive: Personnes - Capital History","isPartOf":{"@id":"https:\/\/capitalhistory.ca\/#website"},"datePublished":"2021-08-18T14:55:50+00:00","dateModified":"2021-08-18T14:57:05+00:00","breadcrumb":{"@id":"https:\/\/capitalhistory.ca\/fr\/archive-personnes\/#breadcrumb"},"inLanguage":"fr-FR","potentialAction":[{"@type":"ReadAction","target":["https:\/\/capitalhistory.ca\/fr\/archive-personnes\/"]}]},{"@type":"BreadcrumbList","@id":"https:\/\/capitalhistory.ca\/fr\/archive-personnes\/#breadcrumb","itemListElement":[{"@type":"ListItem","position":1,"name":"Home","item":"https:\/\/capitalhistory.ca\/fr\/"},{"@type":"ListItem","position":2,"name":"Archive: Personnes"}]},{"@type":"WebSite","@id":"https:\/\/capitalhistory.ca\/#website","url":"https:\/\/capitalhistory.ca\/","name":"Capital History","description":"Stories Through Time","publisher":{"@id":"https:\/\/capitalhistory.ca\/#organization"},"potentialAction":[{"@type":"SearchAction","target":{"@type":"EntryPoint","urlTemplate":"https:\/\/capitalhistory.ca\/?s={search_term_string}"},"query-input":"required name=search_term_string"}],"inLanguage":"fr-FR"},{"@type":"Organization","@id":"https:\/\/capitalhistory.ca\/#organization","name":"Capital History","url":"https:\/\/capitalhistory.ca\/","logo":{"@type":"ImageObject","inLanguage":"fr-FR","@id":"https:\/\/capitalhistory.ca\/#\/schema\/logo\/image\/","url":"https:\/\/capitalhistory.ca\/wp-content\/uploads\/2017\/05\/CapitalHistoryLogo.png","contentUrl":"https:\/\/capitalhistory.ca\/wp-content\/uploads\/2017\/05\/CapitalHistoryLogo.png","width":778,"height":323,"caption":"Capital History"},"image":{"@id":"https:\/\/capitalhistory.ca\/#\/schema\/logo\/image\/"}}]}},"_links":{"self":[{"href":"https:\/\/capitalhistory.ca\/fr\/wp-json\/wp\/v2\/pages\/2094"}],"collection":[{"href":"https:\/\/capitalhistory.ca\/fr\/wp-json\/wp\/v2\/pages"}],"about":[{"href":"https:\/\/capitalhistory.ca\/fr\/wp-json\/wp\/v2\/types\/page"}],"author":[{"embeddable":true,"href":"https:\/\/capitalhistory.ca\/fr\/wp-json\/wp\/v2\/users\/1"}],"replies":[{"embeddable":true,"href":"https:\/\/capitalhistory.ca\/fr\/wp-json\/wp\/v2\/comments?post=2094"}],"version-history":[{"count":5,"href":"https:\/\/capitalhistory.ca\/fr\/wp-json\/wp\/v2\/pages\/2094\/revisions"}],"predecessor-version":[{"id":2099,"href":"https:\/\/capitalhistory.ca\/fr\/wp-json\/wp\/v2\/pages\/2094\/revisions\/2099"}],"wp:attachment":[{"href":"https:\/\/capitalhistory.ca\/fr\/wp-json\/wp\/v2\/media?parent=2094"}],"curies":[{"name":"wp","href":"https:\/\/api.w.org\/{rel}","templated":true}]}}